{"id":544,"date":"2024-07-12T01:50:36","date_gmt":"2024-07-11T23:50:36","guid":{"rendered":"https:\/\/gorkapradas.com\/?page_id=544"},"modified":"2024-11-26T11:29:33","modified_gmt":"2024-11-26T10:29:33","slug":"consultoria","status":"publish","type":"page","link":"https:\/\/gorkapradas.com\/index.php\/consultoria\/","title":{"rendered":"Consultor\u00eda"},"content":{"rendered":"\n<p>La consultor\u00eda es y seguir\u00e1 siendo parte de mi carrera profesional. Es un trabajo duro, riguroso y exigente que necesita adem\u00e1s de detalle e iniciativa para adelantarse a las necesidades del cliente y requiere mucho esfuerzo, tiempo y coordinaci\u00f3n.<\/p>\n\n\n\n<p>En movilidad y urbanismo, necesitar ser capaz de comprender no s\u00f3lo lo que te piden, sino el lugar que vas a trabajar. Hacer una propuesta de reordenaci\u00f3n de l\u00edneas de transporte no se puede hacer sin esa visi\u00f3n humanista y cercana, que luego se podr\u00e1 complementar y verificar con los programas t\u00e9cnicos. Precisamente sin esa dedicaci\u00f3n humanista que contempla accesibilidad, eficiencia y psicolog\u00eda perceptiva ning\u00fan proyecto relacionado con la ciudadan\u00eda m\u00e1s cercana prosperar\u00e1.<\/p>\n\n\n\n<hr class=\"wp-block-separator has-alpha-channel-opacity is-style-dots\"\/>\n\n\n\n<h2 class=\"wp-block-heading\">Experiencia en TUVISA<\/h2>\n\n\n\n<div class=\"wp-block-columns is-layout-flex wp-container-core-columns-is-layout-1 wp-block-columns-is-layout-flex\">\n<div class=\"wp-block-column is-layout-flow wp-block-column-is-layout-flow\" style=\"flex-basis:50%\">\n<p>En la Sociedad de Transportes Urbanos de Vitoria-Gasteiz, tuve la suerte de conocer diferentes proyectos de reordenaci\u00f3n de l\u00edneas que yo mismo estoy aplicando ahora mismo en mi Trabajo de Fin de M\u00e1ster. Pude aprender adem\u00e1s lo que he comentado anteriormente en primera fila: una propuesta de una consultor\u00eda que pretend\u00eda solucionar el problema de efectivos de una red de autobuses por la inclusi\u00f3n de un tranv\u00eda, eliminando todos los recorridos de autob\u00fas del tercer barrio m\u00e1s grande de Vitoria-Gasteiz. Tras tres horas trabajando en esa mesa con la gerencia y los consultores, finalmente sali\u00f3 la propuesta que realmente nos convenc\u00eda, siendo un trabajo extra para el que precisamente se hab\u00eda contratado una empresa&#8230; \u00a1Sin duda, el de aquella empresa no es mi estilo de trabajar!<\/p>\n<\/div>\n\n\n\n<div class=\"wp-block-column is-layout-flow wp-block-column-is-layout-flow\" style=\"flex-basis:50%\"><div class=\"wp-block-image\">\n<figure class=\"aligncenter size-large is-resized\"><img fetchpriority=\"high\" decoding=\"async\" width=\"577\" height=\"1024\" src=\"https:\/\/gorkapradas.com\/wp-content\/uploads\/2024\/07\/20220902_123745-1-577x1024.jpg\" alt=\"\" class=\"wp-image-575\" style=\"width:240px;height:auto\" srcset=\"https:\/\/gorkapradas.com\/wp-content\/uploads\/2024\/07\/20220902_123745-1-577x1024.jpg 577w, https:\/\/gorkapradas.com\/wp-content\/uploads\/2024\/07\/20220902_123745-1-169x300.jpg 169w, https:\/\/gorkapradas.com\/wp-content\/uploads\/2024\/07\/20220902_123745-1-768x1364.jpg 768w, https:\/\/gorkapradas.com\/wp-content\/uploads\/2024\/07\/20220902_123745-1-865x1536.jpg 865w, https:\/\/gorkapradas.com\/wp-content\/uploads\/2024\/07\/20220902_123745-1-1153x2048.jpg 1153w, https:\/\/gorkapradas.com\/wp-content\/uploads\/2024\/07\/20220902_123745-1-scaled.jpg 1441w\" sizes=\"(max-width: 577px) 100vw, 577px\" \/><\/figure><\/div><\/div>\n<\/div>\n\n\n\n<p>Durante mi etapa profesional en la sociedad p\u00fablica, pude llevar a cabo varios an\u00e1lisis de eficiencia de l\u00edneas, de usuarios y de eficiencia de la nueva l\u00ednea BRT de Vitoria-Gasteiz (i.e. el BEi &#8211; Bus El\u00e9ctrico Inteligente). Mi Trabajo de Fin de Grado trat\u00f3 espec\u00edficamente sobre la mejora de la accesibilidad, seguridad, confort y recorrido de esta l\u00ednea, facilitando poder aumentar la frecuencia de esta l\u00ednea de 8 a 7 minutos&#8230; \u00a1Algo que se preve\u00eda hacer en un a\u00f1o de uso, y se pudo hacer en dos meses! Sin duda, es un orgullo haber podido aprender tanto de TUVISA y me llevo mucha experiencia suya all\u00e1 a donde trabajo.<\/p>\n\n\n\n<figure class=\"wp-block-image size-large is-resized\"><img decoding=\"async\" width=\"1024\" height=\"766\" src=\"https:\/\/gorkapradas.com\/wp-content\/uploads\/2024\/07\/20230215_101604-1024x766.jpg\" alt=\"\" class=\"wp-image-561\" style=\"width:839px;height:auto\" srcset=\"https:\/\/gorkapradas.com\/wp-content\/uploads\/2024\/07\/20230215_101604-1024x766.jpg 1024w, https:\/\/gorkapradas.com\/wp-content\/uploads\/2024\/07\/20230215_101604-300x225.jpg 300w, https:\/\/gorkapradas.com\/wp-content\/uploads\/2024\/07\/20230215_101604-768x575.jpg 768w, https:\/\/gorkapradas.com\/wp-content\/uploads\/2024\/07\/20230215_101604-1536x1150.jpg 1536w, https:\/\/gorkapradas.com\/wp-content\/uploads\/2024\/07\/20230215_101604-2048x1533.jpg 2048w\" sizes=\"(max-width: 1024px) 100vw, 1024px\" \/><\/figure>\n\n\n\n<hr class=\"wp-block-separator has-text-color has-white-color has-alpha-channel-opacity has-white-background-color has-background is-style-dots\"\/>\n\n\n\n<hr class=\"wp-block-separator aligncenter has-alpha-channel-opacity is-style-dots\"\/>\n\n\n\n<hr class=\"wp-block-separator has-text-color has-white-color has-alpha-channel-opacity has-white-background-color has-background is-style-dots\"\/>\n\n\n\n<h2 class=\"wp-block-heading\">Experiencia en SENER<\/h2>\n\n\n\n<div class=\"wp-block-columns is-layout-flex wp-container-core-columns-is-layout-2 wp-block-columns-is-layout-flex\">\n<div class=\"wp-block-column is-layout-flow wp-block-column-is-layout-flow\" style=\"flex-basis:70%\">\n<p>En la Consultora de Ingenier\u00eda SENER, las cosas se ven desde el otro punto de vista. Cuando trabajaba en TUVISA, yo era el cliente mientras que en SENER soy el contratado, y eso me aport\u00f3 mucha experiencia pudiendo cubrir la otra mitad del mundo de la consultor\u00eda de movilidad. Es decir, he podido trabajar en los dos mundos y gracias a ello soy consciente del cliente del sector p\u00fablico cuando soy el consultor, y viceversa.<\/p>\n\n\n\n<p>En la consultora, pude tener la gran oportunidad de trabajar con dos de los proyectos m\u00e1s punteros y apasionantes de Barcelona para cualquier estudiante de movilidad urbana: la conexi\u00f3n del tramo central de la l\u00ednea de metro autom\u00e1tica L9, y la electrificaci\u00f3n de las l\u00edneas V15 y H12 de Barcelona.<\/p>\n<\/div>\n\n\n\n<div class=\"wp-block-column is-layout-flow wp-block-column-is-layout-flow\" style=\"flex-basis:50%\"><div class=\"wp-block-image\">\n<figure class=\"aligncenter size-large is-resized\"><img decoding=\"async\" width=\"756\" height=\"1024\" src=\"https:\/\/gorkapradas.com\/wp-content\/uploads\/2024\/07\/20221013_104445-scaled-e1721250903465-756x1024.jpg\" alt=\"\" class=\"wp-image-562\" style=\"aspect-ratio:0.75;object-fit:cover;width:257px;height:auto\" srcset=\"https:\/\/gorkapradas.com\/wp-content\/uploads\/2024\/07\/20221013_104445-scaled-e1721250903465-756x1024.jpg 756w, https:\/\/gorkapradas.com\/wp-content\/uploads\/2024\/07\/20221013_104445-scaled-e1721250903465-222x300.jpg 222w, https:\/\/gorkapradas.com\/wp-content\/uploads\/2024\/07\/20221013_104445-scaled-e1721250903465-768x1040.jpg 768w, https:\/\/gorkapradas.com\/wp-content\/uploads\/2024\/07\/20221013_104445-scaled-e1721250903465-1134x1536.jpg 1134w, https:\/\/gorkapradas.com\/wp-content\/uploads\/2024\/07\/20221013_104445-scaled-e1721250903465.jpg 1194w\" sizes=\"(max-width: 756px) 100vw, 756px\" \/><\/figure><\/div><\/div>\n<\/div>\n\n\n\n<p>En la primera, pude trabajar especialmente en la administrativa del proyecto de cara a tener el mismo actualizado para todos los <em>stakeholders<\/em>, mientras que en la otra estuve supervisando directamente las obras de los t\u00e9rminos de ambas l\u00edneas de autob\u00fas. Reportar los avances al <em>Project Manager<\/em> mientras trabajaba junto al equipo de administraci\u00f3n me ense\u00f1\u00f3 mucho acerca de este tipo de proyectos de incre\u00edble envergadura.<\/p>\n\n\n\n\n\n<hr class=\"wp-block-separator has-alpha-channel-opacity is-style-dots\"\/>\n\n\n\n<h2 class=\"wp-block-heading\">Experiencia en Ciclogreen<\/h2>\n\n\n\n<p>El mundo de las startup es bastante diferente del de la gran empresa com\u00fan. Ciclogreen, como iniciativa que persigue una movilidad sostenible, es precisamente algo que he podido disfrutar por un corto pero intenso tiempo. Mediante aplicaciones para incentivar la movilidad en transporte p\u00fablico, patinete o bicicleta entre otros y elaborar proyectos importantes de an\u00e1lisis de la movilidad al trabajo de diferentes pero notables empresas, fue una experiencia enriquecedora que llevar\u00e9 conmigo por mucho tiempo.<\/p>\n\n\n\n<p>En concreto, he tenido el honor de liderar el plan de movilidad laboral del Puerto de Bilbao, donde mediante an\u00e1lisis meticulosos y una serie de cuestiones planteadas a las empresas, se consigui\u00f3 obtener diferentes medidas muy interesantes cara a mejorar la manera en la que empleados y empleadas se mueven al Puerto, sus instalaciones y alrededores. Junto a ello, tambi\u00e9n he liderado inicialmente el plan de Haizea Wind, con buenos resultados iniciales y muy prometedoras propuestas cara a mejorar sinergias y eficiencia entre las empresas del propio puerto.<\/p>\n\n\n\n<p>Adem\u00e1s, he sido part\u00edcipe de jornadas muy interesantes junto a Debagoiena2030, adem\u00e1s de trabajar en proyectos relacionados con empresas importantes como FAGOR, ULMA, Uvesa, General Mills y CAF. Sin duda, la movilidad al trabajo es el asunto n\u00famero 1 de cualquier ciudad o empresa, y solucionarlo es indispensable para conseguir unas urbes calmadas y convivenciales.<\/p>\n\n\n\n<p class=\"has-text-align-center has-white-color has-vivid-cyan-blue-background-color has-text-color has-background has-link-color has-medium-font-size wp-elements-88df32a3d044211feaa949c1788fed7f\"><a href=\"https:\/\/www.linkedin.com\/pulse\/objetivo-jundiz-un-reparto-modal-sostenible-gorka-pradas-64v5f\"><strong>ART\u00cdCULO SOBRE MOVILIDAD AL TRABAJO (CASO JUNDIZ &#8211; GASTEIZ)<\/strong><\/a><\/p>\n\n\n\n<div class=\"wp-block-columns is-layout-flex wp-container-core-columns-is-layout-4 wp-block-columns-is-layout-flex\">\n<div class=\"wp-block-column is-vertically-aligned-center is-layout-flow wp-block-column-is-layout-flow\" style=\"flex-basis:100%\">\n<div class=\"wp-block-columns is-layout-flex wp-container-core-columns-is-layout-3 wp-block-columns-is-layout-flex\">\n<div class=\"wp-block-column is-layout-flow wp-block-column-is-layout-flow\">\n<figure class=\"wp-block-image size-large\"><img loading=\"lazy\" decoding=\"async\" width=\"768\" height=\"1024\" src=\"https:\/\/gorkapradas.com\/wp-content\/uploads\/2024\/11\/20240930_115637-2-768x1024.jpg\" alt=\"\" class=\"wp-image-816\" style=\"object-fit:cover\" srcset=\"https:\/\/gorkapradas.com\/wp-content\/uploads\/2024\/11\/20240930_115637-2-768x1024.jpg 768w, https:\/\/gorkapradas.com\/wp-content\/uploads\/2024\/11\/20240930_115637-2-225x300.jpg 225w, https:\/\/gorkapradas.com\/wp-content\/uploads\/2024\/11\/20240930_115637-2-1152x1536.jpg 1152w, https:\/\/gorkapradas.com\/wp-content\/uploads\/2024\/11\/20240930_115637-2.jpg 1200w\" sizes=\"(max-width: 768px) 100vw, 768px\" \/><\/figure>\n<\/div>\n\n\n\n<div class=\"wp-block-column is-layout-flow wp-block-column-is-layout-flow\">\n<figure class=\"wp-block-image size-large\"><img loading=\"lazy\" decoding=\"async\" width=\"768\" height=\"1024\" src=\"https:\/\/gorkapradas.com\/wp-content\/uploads\/2024\/11\/IMG-20241107-WA0023-768x1024.jpg\" alt=\"\" class=\"wp-image-807\" style=\"object-fit:cover\" srcset=\"https:\/\/gorkapradas.com\/wp-content\/uploads\/2024\/11\/IMG-20241107-WA0023-768x1024.jpg 768w, https:\/\/gorkapradas.com\/wp-content\/uploads\/2024\/11\/IMG-20241107-WA0023-225x300.jpg 225w, https:\/\/gorkapradas.com\/wp-content\/uploads\/2024\/11\/IMG-20241107-WA0023-1152x1536.jpg 1152w, https:\/\/gorkapradas.com\/wp-content\/uploads\/2024\/11\/IMG-20241107-WA0023.jpg 1200w\" sizes=\"(max-width: 768px) 100vw, 768px\" \/><\/figure>\n<\/div>\n<\/div>\n<\/div>\n<\/div>\n\n\n\n<hr class=\"wp-block-separator has-alpha-channel-opacity is-style-dots\"\/>\n\n\n\n<p class=\"has-text-align-center has-medium-font-size\">Sin duda, la consultor\u00eda ha formado y seguir\u00e1 formando parte de mi trayectoria profesional. Y es que me defino as\u00ed como <strong>un consultor dedicado, detallista, inmersivo y humanista<\/strong>, que <span style=\"text-decoration: underline;\">busca conocer el contexto tras un proyecto antes de empezar a tomar decisiones<\/span>, siempre con las perspectivas necesarias para que el proyecto pueda seguir adelante correctamente y con los mejores resultados posibles para el cliente y para la empresa misma, con <strong>soft skills<\/strong> excelentes en <strong>liderazgo, gesti\u00f3n, coordinaci\u00f3n, trabajo en equipo y comunicaci\u00f3n<\/strong>.<\/p>\n\n\n\n<figure class=\"wp-block-block-document embedpress-embed-document\"><iframe style=\"height:600px;width:600px\" src=\"\/\/view.officeapps.live.com\/op\/embed.aspx?src=https:\/\/gorkapradas.com\/wp-content\/uploads\/2024\/11\/Gorka-Pradas-ES-CV-Consultor.doc\" mozallowfullscreen=\"true\" webkitallowfullscreen=\"true\"><\/iframe><p class=\"embedpress-el-powered\">Powered By EmbedPress<\/p><\/figure>\n","protected":false},"excerpt":{"rendered":"<p>La consultor\u00eda es y seguir\u00e1 siendo parte de mi carrera profesional. Es un trabajo duro, riguroso y exigente que necesita adem\u00e1s de detalle e iniciativa para adelantarse a las necesidades del cliente y requiere mucho<\/p>\n","protected":false},"author":1,"featured_media":807,"parent":0,"menu_order":0,"comment_status":"closed","ping_status":"closed","template":"","meta":{"om_disable_all_campaigns":false,"_monsterinsights_skip_tracking":false,"_monsterinsights_sitenote_active":false,"_monsterinsights_sitenote_note":"","_monsterinsights_sitenote_category":0,"_uf_show_specific_survey":0,"_uf_disable_surveys":false,"h5ap_radio_sources":[],"footnotes":""},"class_list":["post-544","page","type-page","status-publish","has-post-thumbnail","hentry"],"aioseo_notices":[],"_links":{"self":[{"href":"https:\/\/gorkapradas.com\/index.php\/wp-json\/wp\/v2\/pages\/544","targetHints":{"allow":["GET"]}}],"collection":[{"href":"https:\/\/gorkapradas.com\/index.php\/wp-json\/wp\/v2\/pages"}],"about":[{"href":"https:\/\/gorkapradas.com\/index.php\/wp-json\/wp\/v2\/types\/page"}],"author":[{"embeddable":true,"href":"https:\/\/gorkapradas.com\/index.php\/wp-json\/wp\/v2\/users\/1"}],"replies":[{"embeddable":true,"href":"https:\/\/gorkapradas.com\/index.php\/wp-json\/wp\/v2\/comments?post=544"}],"version-history":[{"count":24,"href":"https:\/\/gorkapradas.com\/index.php\/wp-json\/wp\/v2\/pages\/544\/revisions"}],"predecessor-version":[{"id":817,"href":"https:\/\/gorkapradas.com\/index.php\/wp-json\/wp\/v2\/pages\/544\/revisions\/817"}],"wp:featuredmedia":[{"embeddable":true,"href":"https:\/\/gorkapradas.com\/index.php\/wp-json\/wp\/v2\/media\/807"}],"wp:attachment":[{"href":"https:\/\/gorkapradas.com\/index.php\/wp-json\/wp\/v2\/media?parent=544"}],"curies":[{"name":"wp","href":"https:\/\/api.w.org\/{rel}","templated":true}]}}